{"id":12,"date":"2020-09-23T09:01:59","date_gmt":"2020-09-23T09:01:59","guid":{"rendered":"https:\/\/popsacademy.se\/stockholm\/?page_id=12"},"modified":"2026-02-09T13:56:24","modified_gmt":"2026-02-09T12:56:24","slug":"grundskola","status":"publish","type":"page","link":"https:\/\/popsacademy.se\/stockholm\/om\/grundskola\/","title":{"rendered":"Grundskola"},"content":{"rendered":"\n\t\n\t\n\t\n\n\t\n\t\n\t\t\n<section  class=\"c-block l-stacked  \" data-color-scheme=\"\">\n\t<div class=\"ams-fifty ams-fifty--container ams-fifty--right ams-fifty--bottom l-container u-pt-fluid-2xl-4xl u-pb-fluid-md-xl\">\n\t\t<div class=\"ams-fifty__content l-stack l-stack-xl is-left is-left@lg\">\n\t\t\t<div class=\"ams-fifty__text l-stack l-stack-lg\">\n\t\t\t\t\t\n\t<h1\n\tclass=\"c-heading u-font-title-1 \"\n\tstyle=\"\">\n\t\t\n\t\t\t\t\t\t\t\t\tMusikprofil\n\t\t\t\t<span class=\"c-heading__sub is-below u-font-title-3\">\n\t\t\t\t\tPops Academy Stockholm \u00e4r en grundskola med musikprofil f\u00f6r \u00e5rskurs 4\u20139, d\u00e4r varje skoldag genomsyras av musik, kreativitet och akademisk kvalitet. \n\t\t\t\t<\/span>\n\t\t\t\t\t\t\t\n\t<\/h1>\n\n\t\t\t\t\t\t\t\t\t<div class=\"text l-stack u-font-body\">\n\t\t\t\t\t\t<p><!-- wp:heading --><\/p>\n<h2 class=\"wp-block-heading\">V\u00e5r Musikprofil<\/h2>\n<p><span style=\"font-weight: 400;\">V\u00e5rt huvudfokus inom musikprofilen \u00e4r ensemblespel. H\u00e4r f\u00e5r alla elever l\u00e4ra sig spela trummor, bas, gitarr, piano och att sjunga. Varje termin jobbar vi mot terminskonserter med olika teman.\u00a0<\/span><\/p>\n<p><span style=\"font-weight: 400;\">Hos oss f\u00e5r eleverna m\u00f6jlighet att v\u00e4xa \u2013 b\u00e5de kunskapsm\u00e4ssigt och personligt \u2013 i en trygg och inspirerande skolmilj\u00f6. Med musiken som kraft skapar vi gemenskap, lust att l\u00e4ra och f\u00f6rbereder v\u00e5ra elever f\u00f6r livets scen.<\/span><\/p>\n<p>&nbsp;<\/p>\n<p><br style=\"font-weight: 400;\" \/><br style=\"font-weight: 400;\" \/><!-- \/wp:paragraph --><\/p>\n\n\t\t\t\t\t<\/div>\n\t\t\t\t\t\t\t<\/div>\n\n\t\t\t\t\t<\/div>\n\n\t\t <div class=\"ams-fifty__media u-ratio-square\">\n\t\t \t\t\t\t\t<img decoding=\"async\" width=\"600\" height=\"400\" src=\"https:\/\/popsacademy.se\/wp-content\/uploads\/sites\/6\/2025\/12\/popsacademyfoto2022kor02-600x400.jpg\" class=\"attachment-md size-md\" alt=\"Elev spelar piano med en k\u00f6r som sjunger bakom sig.\" sizes=\"(min-width: 64em) 600px, calc(100vw - 160px)\" srcset=\"https:\/\/popsacademy.se\/wp-content\/uploads\/sites\/6\/2025\/12\/popsacademyfoto2022kor02-600x400.jpg 600w, https:\/\/popsacademy.se\/wp-content\/uploads\/sites\/6\/2025\/12\/popsacademyfoto2022kor02-300x200.jpg 300w, https:\/\/popsacademy.se\/wp-content\/uploads\/sites\/6\/2025\/12\/popsacademyfoto2022kor02-400x267.jpg 400w, https:\/\/popsacademy.se\/wp-content\/uploads\/sites\/6\/2025\/12\/popsacademyfoto2022kor02-800x533.jpg 800w, https:\/\/popsacademy.se\/wp-content\/uploads\/sites\/6\/2025\/12\/popsacademyfoto2022kor02-1024x683.jpg 1024w, https:\/\/popsacademy.se\/wp-content\/uploads\/sites\/6\/2025\/12\/popsacademyfoto2022kor02-1200x800.jpg 1200w, https:\/\/popsacademy.se\/wp-content\/uploads\/sites\/6\/2025\/12\/popsacademyfoto2022kor02.jpg 2048w\" \/>\n\t\t\t\n\t\t\t\n\t\t\t\t\t<\/div>\n\t<\/div>\n\n\t\t\n\n<\/section>\n\n\n\n\t\n\t\n\t\n\n\t\n\t\n\t\t\n<section  class=\"c-block l-stacked  \" data-color-scheme=\"\">\n\t<div class=\"ams-fifty ams-fifty--container ams-fifty--left ams-fifty--bottom l-container u-pt-fluid-2xl-4xl u-pb-fluid-md-xl\">\n\t\t<div class=\"ams-fifty__content l-stack l-stack-xl is-left is-left@lg\">\n\t\t\t<div class=\"ams-fifty__text l-stack l-stack-lg\">\n\t\t\t\t\n\t\t\t\t\t\t\t\t\t<div class=\"text l-stack u-font-body\">\n\t\t\t\t\t\t<p><!-- wp:heading --><\/p>\n<h2 class=\"wp-block-heading\">Pops Lektionsdesign<\/h2>\n<p><span style=\"font-weight: 400;\">V<\/span><span style=\"font-weight: 400;\">\u00e5r pedagogiska strategi &#8211; <\/span><b>Pops lektionsdesign<\/b><span style=\"font-weight: 400;\"> f\u00f6renar <\/span><b>musik, kreativitet och akademisk kvalitet<\/b><span style=\"font-weight: 400;\">. <\/span><span style=\"font-weight: 400;\">Denna beskrivs genom MUSIC, WALK och TALK.<\/span><\/p>\n<p><b>Pops MUSIC &#8211; <\/b><span style=\"font-weight: 400;\">Med musiken som kraft<\/span> <span style=\"font-weight: 400;\">ger vi v\u00e5ra elever en inneh\u00e5llsrik skolg\u00e5ng d\u00e4r kreativitet och kunskap b\u00e4r dem genom hela livet.\u00a0<\/span><\/p>\n<p><b>Pops WALK &#8211; <\/b><span style=\"font-weight: 400;\">Tydligg\u00f6r hur eleverna p\u00e5 Pops Academy n\u00e5r sin h\u00f6gsta potential med hj\u00e4lp av musik och kreativitet.<\/span><\/p>\n<p><b>Pops TALK &#8211; <\/b><span style=\"font-weight: 400;\">V\u00e5r v\u00e4rdegrund, n\u00e4r eleven \u00e4r trygg i skolans gemenskap har hen modet att ta nya v\u00e4gar f\u00f6r att utvecklas, bli mer kreativ och kunna n\u00e5 l\u00e4ngre.<\/span><\/p>\n\n\t\t\t\t\t<\/div>\n\t\t\t\t\t\t\t<\/div>\n\n\t\t\t\t\t<\/div>\n\n\t\t <div class=\"ams-fifty__media u-ratio-square\">\n\t\t \t\t\t\t\t<img decoding=\"async\" width=\"600\" height=\"600\" src=\"https:\/\/popsacademy.se\/wp-content\/uploads\/sites\/6\/2023\/05\/pops-academypoprock-202204-600x600.jpg\" class=\"attachment-md size-md\" alt=\"Elever p\u00e5 Pops Academy sjunger tillsammans p\u00e5 scen.\" sizes=\"(min-width: 64em) 600px, calc(100vw - 160px)\" srcset=\"https:\/\/popsacademy.se\/wp-content\/uploads\/sites\/6\/2023\/05\/pops-academypoprock-202204-600x600.jpg 600w, https:\/\/popsacademy.se\/wp-content\/uploads\/sites\/6\/2023\/05\/pops-academypoprock-202204-150x150.jpg 150w, https:\/\/popsacademy.se\/wp-content\/uploads\/sites\/6\/2023\/05\/pops-academypoprock-202204-300x300.jpg 300w, https:\/\/popsacademy.se\/wp-content\/uploads\/sites\/6\/2023\/05\/pops-academypoprock-202204-400x400.jpg 400w, https:\/\/popsacademy.se\/wp-content\/uploads\/sites\/6\/2023\/05\/pops-academypoprock-202204-800x800.jpg 800w, https:\/\/popsacademy.se\/wp-content\/uploads\/sites\/6\/2023\/05\/pops-academypoprock-202204-1024x1024.jpg 1024w, https:\/\/popsacademy.se\/wp-content\/uploads\/sites\/6\/2023\/05\/pops-academypoprock-202204.jpg 1080w\" \/>\n\t\t\t\n\t\t\t\n\t\t\t\t\t<\/div>\n\t<\/div>\n\n\t\t\n\n<\/section>\n\n\n\n\t\n\t\n\t\n\n\t\n\t\n\t\t\n<section  class=\"c-block l-stacked  \" data-color-scheme=\"\">\n\t<div class=\"ams-fifty ams-fifty--container ams-fifty--right ams-fifty--bottom l-container u-pt-fluid-2xl-4xl u-pb-fluid-md-xl\">\n\t\t<div class=\"ams-fifty__content l-stack l-stack-xl is-left is-left@lg\">\n\t\t\t<div class=\"ams-fifty__text l-stack l-stack-lg\">\n\t\t\t\t\n\t\t\t\t\t\t\t\t\t<div class=\"text l-stack u-font-body\">\n\t\t\t\t\t\t<p><!-- wp:heading --><\/p>\n<h2 class=\"wp-block-heading\">En grundskola med akademisk kvalitet<\/h2>\n<p><span style=\"font-weight: 400;\">Vi har h\u00f6ga f\u00f6rv\u00e4ntningar p\u00e5 b\u00e5de v\u00e5ra elever och oss sj\u00e4lva. Genom att kombinera kreativ undervisning med strukturerad kunskapsutveckling skapar vi en trygg skolmilj\u00f6 d\u00e4r varje elev kan n\u00e5 sin fulla potential.<\/span><\/p>\n<p><span style=\"font-weight: 400;\">Hos oss f\u00e5r eleverna b\u00e5de m\u00f6jligheten att briljera i sina \u00e4mnen och utvecklas som m\u00e4nniskor.<\/span><\/p>\n<h2 class=\"wp-block-heading\">En kreativ och trygg skolv\u00e4rld mitt i Stockholm<\/h2>\n<p><span style=\"font-weight: 400;\">Pops Academy Stockholm \u00e4r en lagom liten skola, vilket skapar n\u00e4rhet mellan pedagoger och elever. Vi arbetar aktivt med elevh\u00e4lsa, trygghet och personlig utveckling.<\/span><\/p>\n<p><span style=\"font-weight: 400;\">Hos oss f\u00e5r eleverna uttrycka sig \u2013 genom musik, bild, text och r\u00f6relse. Vi vet att n\u00e4r elever f\u00e5r anv\u00e4nda b\u00e5de kroppen, r\u00f6sten och hj\u00e4rnan f\u00f6rdjupas l\u00e4randet.<\/span><\/p>\n\n\t\t\t\t\t<\/div>\n\t\t\t\t\t\t\t<\/div>\n\n\t\t\t\t\t<\/div>\n\n\t\t <div class=\"ams-fifty__media u-ratio-square\">\n\t\t \t\t\t\t\t<img decoding=\"async\" width=\"600\" height=\"600\" src=\"https:\/\/popsacademy.se\/wp-content\/uploads\/sites\/6\/2023\/04\/pops-academy-musik-kreativitet-akademisk-kvalitet-stockholm-202204-5-600x600.jpg\" class=\"attachment-md size-md\" alt=\"Elev p\u00e5 Pops Academy spelar saxofon p\u00e5 scen.\" sizes=\"(min-width: 64em) 600px, calc(100vw - 160px)\" srcset=\"https:\/\/popsacademy.se\/wp-content\/uploads\/sites\/6\/2023\/04\/pops-academy-musik-kreativitet-akademisk-kvalitet-stockholm-202204-5-600x600.jpg 600w, https:\/\/popsacademy.se\/wp-content\/uploads\/sites\/6\/2023\/04\/pops-academy-musik-kreativitet-akademisk-kvalitet-stockholm-202204-5-150x150.jpg 150w, https:\/\/popsacademy.se\/wp-content\/uploads\/sites\/6\/2023\/04\/pops-academy-musik-kreativitet-akademisk-kvalitet-stockholm-202204-5-300x300.jpg 300w, https:\/\/popsacademy.se\/wp-content\/uploads\/sites\/6\/2023\/04\/pops-academy-musik-kreativitet-akademisk-kvalitet-stockholm-202204-5-400x400.jpg 400w, https:\/\/popsacademy.se\/wp-content\/uploads\/sites\/6\/2023\/04\/pops-academy-musik-kreativitet-akademisk-kvalitet-stockholm-202204-5-800x800.jpg 800w, https:\/\/popsacademy.se\/wp-content\/uploads\/sites\/6\/2023\/04\/pops-academy-musik-kreativitet-akademisk-kvalitet-stockholm-202204-5-1024x1024.jpg 1024w, https:\/\/popsacademy.se\/wp-content\/uploads\/sites\/6\/2023\/04\/pops-academy-musik-kreativitet-akademisk-kvalitet-stockholm-202204-5.jpg 1080w\" \/>\n\t\t\t\n\t\t\t\n\t\t\t\t\t<\/div>\n\t<\/div>\n\n\t\t\n\n<\/section>\n\n\n\n\n<section  class=\"ams-cta ams-cta--stacked c-block l-stacked\" data-color-scheme=\"nyans2_av_p2\">\n\t<div class=\"l-container-narrow l-stack l-stack-fluid-2xl u-pt-fluid-2xl-4xl u-pb-fluid-2xl-4xl is-left is-left@md\">\n\t\t\t\t\t<div class=\"ams-cta__intro l-stack l-stack-lg\">\n\t\t\t\t\t\n\t<h2\n\tclass=\"c-heading u-font-title-1 \"\n\tstyle=\"\">\n\t\t\n\t\t\t\t\tEn vanlig dag p\u00e5 v\u00e5r skola\n\t\t\t\t\n\t<\/h2>\n\n\t\t\t\t\t\t\t\t\t<div class=\"c-text l-stack u-cs-xl u-font-body\">\n\t\t\t\t\t\t<h3>Skoldagen b\u00f6rjar med energi och struktur<\/h3>\n<p>Skoldagen p\u00e5 Pops Academy startar runt klockan 8.30. V\u00e5ra elever f\u00f6ljer ett schema fyllt av b\u00e5de kreativa och akademiska \u00e4mnen, helt enligt grundskolans l\u00e4roplan. Varje dag f\u00e5r de dessutom m\u00f6ta musikens kraft genom en musiklektion \u2013 d\u00e4r vi undervisar i huvudsak ensemblespel samt \u00e4ven k\u00f6r och allm\u00e4nna musikkunskaper.<\/p>\n<h3>Gemenskap i vardagen<\/h3>\n<p>Hos oss genomsyras skoldagen av b\u00e5de l\u00e4rande och gemenskap. Alla elever \u00e4ter lunch tillsammans med sin klass och en pedagog, vilket skapar trygghet och st\u00e4rker banden mellan elever och vuxna.<\/p>\n<h3>Musik som en del av allt vi g\u00f6r<\/h3>\n<p>P\u00e5 Pops Academy l\u00e5ter vi musiken bli en naturlig del av varje dag och vi tror p\u00e5 att kreativitet och kunskap g\u00e5r hand i hand f\u00f6r att f\u00f6rbereda eleverna f\u00f6r livets scen.<\/p>\n\n\t\t\t\t\t<\/div>\n\t\t\t\t\t\t\t<\/div>\n\t\t\n\t\t\n\t\t\t<\/div>\n\n\t\t\n\n<\/section>\n\n\n\n\t\n\t\n\t\n\n\t\n\t\n\t\t\n<section  class=\"c-block l-stacked  \" data-color-scheme=\"nyans3_av_p2-hover-standard\">\n\t<div class=\"ams-fifty ams-fifty--container ams-fifty--left ams-fifty--bottom l-container u-pt-fluid-md-xl u-pb-fluid-md-xl\">\n\t\t<div class=\"ams-fifty__content l-stack l-stack-xl is-left is-left@lg\">\n\t\t\t<div class=\"ams-fifty__text l-stack l-stack-lg\">\n\t\t\t\t\t\n\t<h2\n\tclass=\"c-heading u-font-title-1 \"\n\tstyle=\"\">\n\t\t\n\t\t\t\t\tEn kreativ skola som eleverna l\u00e4ngtar till \u2013 varje dag\n\t\t\t\t\n\t<\/h2>\n\n\t\t\t\t\t\t\t\t\t<div class=\"text l-stack u-font-body\">\n\t\t\t\t\t\t<p>P\u00e5 Pops Academy \u00e4r kreativiteten sj\u00e4lvklar och vi l\u00e5ter musiken genomsyra allt vi g\u00f6r. Varf\u00f6r? F\u00f6r att vi vet att vi med hj\u00e4lp av kreativa arbetss\u00e4tt kan n\u00e5 \u00e4nnu l\u00e4ngre.<\/p>\n\n\t\t\t\t\t<\/div>\n\t\t\t\t\t\t\t<\/div>\n\n\t\t\t\t\t<\/div>\n\n\t\t <div class=\"ams-fifty__media u-ratio-widescreen\">\n\t\t \t\n\t\t\t\n\t\t\t\t\t\t\t<lite-youtube videoid=\"1z7tKHwSI88\" style=\"background-image: url('https:\/\/i.ytimg.com\/vi\/1z7tKHwSI88\/hqdefault.jpg');\">\n\t\t\t\t\t\t<button href=\"https:\/\/youtube.com\/watch?v=1z7tKHwSI88\" class=\"lty-playbtn\" title=\"Play Video\">\n\t\t\t\t\t\t\t<span class=\"lyt-visually-hidden\">Play Video<\/span>\n\t\t\t\t\t\t<\/button>\n\t\t\t\t\t<\/lite-youtube>\n\t\t\t\t\t<\/div>\n\t<\/div>\n\n\t\t\n\n<\/section>\n\n\n\n\n<section  class=\"ams-cta ams-cta--stacked c-block l-stacked\" data-color-scheme=\"hero\">\n\t<div class=\"l-container l-stack l-stack-fluid-2xl u-pt-fluid-2xl-4xl u-pb-fluid-2xl-4xl is-center is-center@md\">\n\t\t\t\t\t<div class=\"ams-cta__intro l-stack l-stack-lg\">\n\t\t\t\t\t\n\t<h2\n\tclass=\"c-heading u-font-title-1 \"\n\tstyle=\"\">\n\t\t\n\t\t\t\t\tOm v\u00e5r musikprofil\n\t\t\t\t\n\t<\/h2>\n\n\t\t\t\t\t\t\t\t\t<div class=\"c-text l-stack u-cs-xl u-font-body\">\n\t\t\t\t\t\t<p>L\u00e4s mer om v\u00e5r musikprofil och hur vi jobbar med kreativitet och akademisk kvalitet.<\/p>\n\n\t\t\t\t\t<\/div>\n\t\t\t\t\t\t\t<\/div>\n\t\t\n\t\t\n\t\t\t<div class=\"ams-cta__action u-inline-items\">\n\t\t\t\t\t\t\t\n\n\n<a href=\"http:\/\/popsacademy.se\/stockholm\/musikprofil\/\"\n\t\n\tclass=\"c-btn \"\n\tdata-style=\"round\"\n\tdata-size=\"md\"\n\tdata-width=\"full-mobile\"\n\tdata-variant=\"default\"\n\ttarget=\"_self\">\n\t\t\t<span class=\"label\"> Musikprofil<\/span>\n\t\t\t<\/a>\n\t\t\t<\/div>\n\t<\/div>\n\n\t\t\n\n<\/section>\n\n\n<div   id=\"page-relative-menu\" class=\"site__font-monospace   container_width--full_width_conIcon   d-lg-none  \">\n\n\t\t\t\n<\/div>\n","protected":false},"excerpt":{"rendered":"","protected":false},"author":1,"featured_media":0,"parent":8,"menu_order":0,"comment_status":"closed","ping_status":"closed","template":"","meta":{"footnotes":""},"yoast_head":"<!-- This site is optimized with the Yoast SEO plugin v22.0 - https:\/\/yoast.com\/wordpress\/plugins\/seo\/ -->\n<title>Grundskola | Pops Academy Stockholm<\/title>\n<meta name=\"description\" content=\"Hos oss \u00e4r kreativiteten en naturlig del av undervisningen fr\u00e5n \u00e5rskurs 4\u20139. H\u00e4r f\u00e5r eleverna b\u00e5de lyssna in och sjunga ut.\" \/>\n<meta name=\"robots\" content=\"index, follow, max-snippet:-1, max-image-preview:large, max-video-preview:-1\" \/>\n<link rel=\"canonical\" href=\"https:\/\/popsacademy.se\/stockholm\/om\/grundskola\/\" \/>\n<meta property=\"og:locale\" content=\"sv_SE\" \/>\n<meta property=\"og:type\" content=\"article\" \/>\n<meta property=\"og:title\" content=\"Grundskola | Pops Academy Stockholm\" \/>\n<meta property=\"og:description\" content=\"Hos oss \u00e4r kreativiteten en naturlig del av undervisningen fr\u00e5n \u00e5rskurs 4\u20139. H\u00e4r f\u00e5r eleverna b\u00e5de lyssna in och sjunga ut.\" \/>\n<meta property=\"og:url\" content=\"https:\/\/popsacademy.se\/stockholm\/om\/grundskola\/\" \/>\n<meta property=\"og:site_name\" content=\"Stockholm\" \/>\n<meta property=\"article:modified_time\" content=\"2026-02-09T12:56:24+00:00\" \/>\n<meta name=\"twitter:card\" content=\"summary_large_image\" \/>\n<meta name=\"twitter:title\" content=\"Grundskola | Pops Academy Stockholm\" \/>\n<meta name=\"twitter:description\" content=\"Hos oss \u00e4r kreativiteten en naturlig del av undervisningen fr\u00e5n \u00e5rskurs 4\u20139. H\u00e4r f\u00e5r eleverna b\u00e5de lyssna in och sjunga ut.\" \/>\n<meta name=\"twitter:label1\" content=\"Ber\u00e4knad l\u00e4stid\" \/>\n\t<meta name=\"twitter:data1\" content=\"2 minuter\" \/>\n<script type=\"application\/ld+json\" class=\"yoast-schema-graph\">{\"@context\":\"https:\/\/schema.org\",\"@graph\":[{\"@type\":\"WebPage\",\"@id\":\"https:\/\/popsacademy.se\/stockholm\/om\/grundskola\/\",\"url\":\"https:\/\/popsacademy.se\/stockholm\/om\/grundskola\/\",\"name\":\"Grundskola | Pops Academy Stockholm\",\"isPartOf\":{\"@id\":\"https:\/\/popsacademy.se\/stockholm\/#website\"},\"datePublished\":\"2020-09-23T09:01:59+00:00\",\"dateModified\":\"2026-02-09T12:56:24+00:00\",\"description\":\"Hos oss \u00e4r kreativiteten en naturlig del av undervisningen fr\u00e5n \u00e5rskurs 4\u20139. H\u00e4r f\u00e5r eleverna b\u00e5de lyssna in och sjunga ut.\",\"breadcrumb\":{\"@id\":\"https:\/\/popsacademy.se\/stockholm\/om\/grundskola\/#breadcrumb\"},\"inLanguage\":\"sv-SE\",\"potentialAction\":[{\"@type\":\"ReadAction\",\"target\":[\"https:\/\/popsacademy.se\/stockholm\/om\/grundskola\/\"]}]},{\"@type\":\"BreadcrumbList\",\"@id\":\"https:\/\/popsacademy.se\/stockholm\/om\/grundskola\/#breadcrumb\",\"itemListElement\":[{\"@type\":\"ListItem\",\"position\":1,\"name\":\"Start\",\"item\":\"https:\/\/popsacademy.se\/stockholm\/\"},{\"@type\":\"ListItem\",\"position\":2,\"name\":\"Om skolan\",\"item\":\"https:\/\/popsacademy.se\/stockholm\/om\/\"},{\"@type\":\"ListItem\",\"position\":3,\"name\":\"Grundskola\"}]},{\"@type\":\"WebSite\",\"@id\":\"https:\/\/popsacademy.se\/stockholm\/#website\",\"url\":\"https:\/\/popsacademy.se\/stockholm\/\",\"name\":\"Stockholm\",\"description\":\"Kreativ verksamhet med akademisk kvalitet\",\"potentialAction\":[{\"@type\":\"SearchAction\",\"target\":{\"@type\":\"EntryPoint\",\"urlTemplate\":\"https:\/\/popsacademy.se\/stockholm\/?s={search_term_string}\"},\"query-input\":\"required name=search_term_string\"}],\"inLanguage\":\"sv-SE\"}]}<\/script>\n<!-- \/ Yoast SEO plugin. -->","yoast_head_json":{"title":"Grundskola | Pops Academy Stockholm","description":"Hos oss \u00e4r kreativiteten en naturlig del av undervisningen fr\u00e5n \u00e5rskurs 4\u20139. H\u00e4r f\u00e5r eleverna b\u00e5de lyssna in och sjunga ut.","robots":{"index":"index","follow":"follow","max-snippet":"max-snippet:-1","max-image-preview":"max-image-preview:large","max-video-preview":"max-video-preview:-1"},"canonical":"https:\/\/popsacademy.se\/stockholm\/om\/grundskola\/","og_locale":"sv_SE","og_type":"article","og_title":"Grundskola | Pops Academy Stockholm","og_description":"Hos oss \u00e4r kreativiteten en naturlig del av undervisningen fr\u00e5n \u00e5rskurs 4\u20139. H\u00e4r f\u00e5r eleverna b\u00e5de lyssna in och sjunga ut.","og_url":"https:\/\/popsacademy.se\/stockholm\/om\/grundskola\/","og_site_name":"Stockholm","article_modified_time":"2026-02-09T12:56:24+00:00","twitter_card":"summary_large_image","twitter_title":"Grundskola | Pops Academy Stockholm","twitter_description":"Hos oss \u00e4r kreativiteten en naturlig del av undervisningen fr\u00e5n \u00e5rskurs 4\u20139. H\u00e4r f\u00e5r eleverna b\u00e5de lyssna in och sjunga ut.","twitter_misc":{"Ber\u00e4knad l\u00e4stid":"2 minuter"},"schema":{"@context":"https:\/\/schema.org","@graph":[{"@type":"WebPage","@id":"https:\/\/popsacademy.se\/stockholm\/om\/grundskola\/","url":"https:\/\/popsacademy.se\/stockholm\/om\/grundskola\/","name":"Grundskola | Pops Academy Stockholm","isPartOf":{"@id":"https:\/\/popsacademy.se\/stockholm\/#website"},"datePublished":"2020-09-23T09:01:59+00:00","dateModified":"2026-02-09T12:56:24+00:00","description":"Hos oss \u00e4r kreativiteten en naturlig del av undervisningen fr\u00e5n \u00e5rskurs 4\u20139. H\u00e4r f\u00e5r eleverna b\u00e5de lyssna in och sjunga ut.","breadcrumb":{"@id":"https:\/\/popsacademy.se\/stockholm\/om\/grundskola\/#breadcrumb"},"inLanguage":"sv-SE","potentialAction":[{"@type":"ReadAction","target":["https:\/\/popsacademy.se\/stockholm\/om\/grundskola\/"]}]},{"@type":"BreadcrumbList","@id":"https:\/\/popsacademy.se\/stockholm\/om\/grundskola\/#breadcrumb","itemListElement":[{"@type":"ListItem","position":1,"name":"Start","item":"https:\/\/popsacademy.se\/stockholm\/"},{"@type":"ListItem","position":2,"name":"Om skolan","item":"https:\/\/popsacademy.se\/stockholm\/om\/"},{"@type":"ListItem","position":3,"name":"Grundskola"}]},{"@type":"WebSite","@id":"https:\/\/popsacademy.se\/stockholm\/#website","url":"https:\/\/popsacademy.se\/stockholm\/","name":"Stockholm","description":"Kreativ verksamhet med akademisk kvalitet","potentialAction":[{"@type":"SearchAction","target":{"@type":"EntryPoint","urlTemplate":"https:\/\/popsacademy.se\/stockholm\/?s={search_term_string}"},"query-input":"required name=search_term_string"}],"inLanguage":"sv-SE"}]}},"_links":{"self":[{"href":"https:\/\/popsacademy.se\/stockholm\/wp-json\/wp\/v2\/pages\/12"}],"collection":[{"href":"https:\/\/popsacademy.se\/stockholm\/wp-json\/wp\/v2\/pages"}],"about":[{"href":"https:\/\/popsacademy.se\/stockholm\/wp-json\/wp\/v2\/types\/page"}],"author":[{"embeddable":true,"href":"https:\/\/popsacademy.se\/stockholm\/wp-json\/wp\/v2\/users\/1"}],"replies":[{"embeddable":true,"href":"https:\/\/popsacademy.se\/stockholm\/wp-json\/wp\/v2\/comments?post=12"}],"version-history":[{"count":9,"href":"https:\/\/popsacademy.se\/stockholm\/wp-json\/wp\/v2\/pages\/12\/revisions"}],"predecessor-version":[{"id":2102,"href":"https:\/\/popsacademy.se\/stockholm\/wp-json\/wp\/v2\/pages\/12\/revisions\/2102"}],"up":[{"embeddable":true,"href":"https:\/\/popsacademy.se\/stockholm\/wp-json\/wp\/v2\/pages\/8"}],"wp:attachment":[{"href":"https:\/\/popsacademy.se\/stockholm\/wp-json\/wp\/v2\/media?parent=12"}],"curies":[{"name":"wp","href":"https:\/\/api.w.org\/{rel}","templated":true}]}}