{"id":18,"date":"2020-09-23T09:19:21","date_gmt":"2020-09-23T09:19:21","guid":{"rendered":"https:\/\/popsacademy.se\/orebro\/?page_id=18"},"modified":"2026-04-28T10:16:17","modified_gmt":"2026-04-28T09:16:17","slug":"lasarstider","status":"publish","type":"page","link":"https:\/\/popsacademy.se\/karljohan\/om\/lasarstider\/","title":{"rendered":"L\u00e4s\u00e5rstider"},"content":{"rendered":"\n<div class=\"wp-block-columns is-layout-flex wp-container-core-columns-layout-1 wp-block-columns-is-layout-flex\">\n<div class=\"wp-block-column is-layout-flow wp-block-column-is-layout-flow\" style=\"flex-basis:66.66%\">\n<h1 class=\"wp-block-heading\">L\u00e4s\u00e5rstider<\/h1>\n\n\n\n<p   class=\"site__ingress container text-left  site__text-color--dark  site__free_text--ingress p-0\">\n\tH\u00e4r samlar vi v\u00e5ra l\u00e4s\u00e5rstider. Du kan \u00e4ven ta del av information om terminstart och n\u00e4r vi har lov.<\/p>\n\n\n\n\n\n<h2 class=\"wp-block-heading\">V\u00e5rterminen 2026<\/h2>\n\n\n\n<p>Skolan b\u00f6rjar igen den 8 januari 2026.&nbsp;<\/p>\n\n\n\n<h3 class=\"wp-block-heading\">Sportlov<\/h3>\n\n\n\n<p>Sportlovet 2026 \u00e4r vecka 8 mellan den 16 och 20 februari.<\/p>\n\n\n\n<h3 class=\"wp-block-heading\">P\u00e5sklov<\/h3>\n\n\n\n<p>P\u00e5sklovet 2026 \u00e4r vecka 14 mellan den 30 mars och 2 april.<\/p>\n\n\n\n<h3 class=\"wp-block-heading\">Skolavslutning och sommarlov<\/h3>\n\n\n\n<p>Skolavslutningen \u00e4r 11 juni.&nbsp;<\/p>\n\n\n\n<style type=\"text\/css\">\n\t.ams-divider--block_67f779e1b164b .ams-divider__line {margin:auto;border-top-color:#000000;}<\/style>\n\n<div class=\"ams-divider ams-divider--block_67f779e1b164b \">\n\t<div class=\"ams-divider__line\"><\/div>\n<\/div>\n\n\n\n<h2 class=\"wp-block-heading\">H\u00f6stterminen 2026<\/h2>\n\n\n\n<p>H\u00f6stterminen b\u00f6rjar den 19 augusti 2026.<\/p>\n\n\n\n<h3 class=\"wp-block-heading\">H\u00f6stlov<\/h3>\n\n\n\n<p>H\u00f6stlovet 2026 \u00e4r vecka 44 mellan den 26 och 30 oktober.<\/p>\n\n\n\n<h3 class=\"wp-block-heading\">Julavslutning<\/h3>\n\n\n\n<p>Julavslutning \u00e4r den 18 december.<\/p>\n\n\n\n<style type=\"text\/css\">\n\t.ams-divider--block_69c10e8a20a01 .ams-divider__line {margin:auto;border-top-color:#000000;}<\/style>\n\n<div class=\"ams-divider ams-divider--block_69c10e8a20a01 \">\n\t<div class=\"ams-divider__line\"><\/div>\n<\/div>\n\n\n\n<h2 class=\"wp-block-heading\">V\u00e5rterminen 2027<\/h2>\n\n\n\n<p>Skolan b\u00f6rjar igen den 11 januari 2027.<\/p>\n\n\n\n<h3 class=\"wp-block-heading\">Sportlov <\/h3>\n\n\n\n<p>Sportlovet 2027 \u00e4r vecka 8 mellan den 22 och 26 februari. <\/p>\n\n\n\n<h3 class=\"wp-block-heading\">P\u00e5sklov<\/h3>\n\n\n\n<p>P\u00e5sklovet 2027 \u00e4r vecka 12 mellan den 22 och 25 mars.&nbsp;Observera att eleverna \u00e4ven \u00e4r lediga l\u00e5ngfredagen den 26 mars och annandag p\u00e5sk den 29 mars.<\/p>\n\n\n\n<h3 class=\"wp-block-heading\">Skolavslutning och sommarlov<\/h3>\n\n\n\n<p>Skolavslutningen \u00e4r 10 juni. <\/p>\n<\/div>\n\n\n\n<div class=\"wp-block-column is-layout-flow wp-block-column-is-layout-flow\" style=\"flex-basis:33.33%\"><\/div>\n<\/div>\n\n\n\t<div\n\t\t class=\"container images-module\" >\n\t\t<div class=\"row\">\n\t\t\t<div\n\t\t\t\t\tclass=\"col-12 p-0 position-relative images_module__slideshow images_module__slideshow-container \">\n\t\t\t\t<div class=\"images_module__slide\" data-slide=\"\"\n\t\t\t\t\t data-duration=\"\"><\/div>\n\t\t\t\t\t\t\t\t\t<div\n\t\t\t\t\t\t class=\"images_module__slides \">\n\n\n\t\t\t\t\t\t<div class=\"images__wrapper\" style=\"aspect-ratio: 1200 \/ 531;\">\n\t\t\t\t\t\t\t<img decoding=\"async\" width=\"2048\" height=\"1366\" src=\"https:\/\/popsacademy.se\/wp-content\/uploads\/sites\/8\/2023\/04\/pops-academy-musik-kreativitet-akademisk-kvalitet-orebro-202204-21.jpg\" class=\"images__image_ratio  \" alt=\"Elev p\u00e5 Pops Academy spelar trummor p\u00e5 scen.\" style=\"aspect-ratio: 1200 \/ 531;object-position: center center;\" srcset=\"https:\/\/popsacademy.se\/wp-content\/uploads\/sites\/8\/2023\/04\/pops-academy-musik-kreativitet-akademisk-kvalitet-orebro-202204-21.jpg 2048w, https:\/\/popsacademy.se\/wp-content\/uploads\/sites\/8\/2023\/04\/pops-academy-musik-kreativitet-akademisk-kvalitet-orebro-202204-21-300x200.jpg 300w, https:\/\/popsacademy.se\/wp-content\/uploads\/sites\/8\/2023\/04\/pops-academy-musik-kreativitet-akademisk-kvalitet-orebro-202204-21-400x267.jpg 400w, https:\/\/popsacademy.se\/wp-content\/uploads\/sites\/8\/2023\/04\/pops-academy-musik-kreativitet-akademisk-kvalitet-orebro-202204-21-600x400.jpg 600w, https:\/\/popsacademy.se\/wp-content\/uploads\/sites\/8\/2023\/04\/pops-academy-musik-kreativitet-akademisk-kvalitet-orebro-202204-21-800x534.jpg 800w, https:\/\/popsacademy.se\/wp-content\/uploads\/sites\/8\/2023\/04\/pops-academy-musik-kreativitet-akademisk-kvalitet-orebro-202204-21-1024x683.jpg 1024w, https:\/\/popsacademy.se\/wp-content\/uploads\/sites\/8\/2023\/04\/pops-academy-musik-kreativitet-akademisk-kvalitet-orebro-202204-21-1200x800.jpg 1200w\" sizes=\"(max-width: 2048px) 100vw, 2048px\" \/>\t\t\t\t\t\t<\/div>\n\n\t\t\t\t\t\t\n\n\t\t\t\t\t\t\t\t\t\t\t<\/div>\n\t\t\t\t\n\t\t\t\t<div class=\"images_module__container_dot\">\n\t\t\t\t\t<div style=\"text-align:center\">\n\t\t\t\t\t\t\t\t\t\t\t\t\t<span   data-i=\"0\"\n\t\t\t\t\t\t\t\t  class=\"\n\t\t\t\t\t\t\timages_module__dot\n\t\t\t\t\t\t\t\t\t\t\t\t\t\t\"\n\t\t\t\t\t\t\t><\/span>\n\t\t\t\t\t\t\t\t\t\t\t<\/div>\n\t\t\t\t<\/div>\n\n\t\t\t<\/div>\n\t\t<\/div>\n\t<\/div>\n\t\n\n\n<script>\n\tvar images_display_descriptive_text = \"\";\n<\/script>\n\n\n<div   id=\"page-relative-menu\" class=\"site__font-monospace   container_width--full_width_conIcon   d-lg-none  \">\n\n\t\t\t\n<\/div>\n","protected":false},"excerpt":{"rendered":"<p>L\u00e4s\u00e5rstider V\u00e5rterminen 2026 Skolan b\u00f6rjar igen den 8 januari 2026.&nbsp; Sportlov Sportlovet 2026 \u00e4r vecka 8 mellan den 16 och 20 februari. P\u00e5sklov P\u00e5sklovet 2026 \u00e4r vecka 14 mellan den 30 mars och 2 april. Skolavslutning och sommarlov Skolavslutningen \u00e4r 11 juni.&nbsp; H\u00f6stterminen 2026 H\u00f6stterminen b\u00f6rjar den 19 augusti 2026. H\u00f6stlov H\u00f6stlovet 2026 \u00e4r vecka&#8230;<\/p>\n","protected":false},"author":3,"featured_media":0,"parent":8,"menu_order":0,"comment_status":"closed","ping_status":"closed","template":"","meta":{"footnotes":""},"yoast_head":"<!-- This site is optimized with the Yoast SEO plugin v22.0 - https:\/\/yoast.com\/wordpress\/plugins\/seo\/ -->\n<title>L\u00e4s\u00e5rstider | Pops Academy Karl Johan \u00d6rebro<\/title>\n<meta name=\"description\" content=\"Terminstider, lovdagar och skolavslutningar f\u00f6r Pops Academy Karl Johan \u00d6rebro. Se viktiga datum f\u00f6r b\u00e5de elever och v\u00e5rdnadshavare.\" \/>\n<meta name=\"robots\" content=\"index, follow, max-snippet:-1, max-image-preview:large, max-video-preview:-1\" \/>\n<link rel=\"canonical\" href=\"https:\/\/popsacademy.se\/karljohan\/om\/lasarstider\/\" \/>\n<meta property=\"og:locale\" content=\"sv_SE\" \/>\n<meta property=\"og:type\" content=\"article\" \/>\n<meta property=\"og:title\" content=\"L\u00e4s\u00e5rstider | Pops Academy Karl Johan \u00d6rebro\" \/>\n<meta property=\"og:description\" content=\"Terminstider, lovdagar och skolavslutningar f\u00f6r Pops Academy Karl Johan \u00d6rebro. Se viktiga datum f\u00f6r b\u00e5de elever och v\u00e5rdnadshavare.\" \/>\n<meta property=\"og:url\" content=\"https:\/\/popsacademy.se\/karljohan\/om\/lasarstider\/\" \/>\n<meta property=\"og:site_name\" content=\"Karl Johan \u00d6rebro\" \/>\n<meta property=\"article:modified_time\" content=\"2026-04-28T09:16:17+00:00\" \/>\n<meta name=\"twitter:card\" content=\"summary_large_image\" \/>\n<meta name=\"twitter:title\" content=\"L\u00e4s\u00e5rstider | Pops Academy Karl Johan \u00d6rebro\" \/>\n<meta name=\"twitter:description\" content=\"Terminstider, lovdagar och skolavslutningar f\u00f6r Pops Academy Karl Johan \u00d6rebro. Se viktiga datum f\u00f6r b\u00e5de elever och v\u00e5rdnadshavare.\" \/>\n<meta name=\"twitter:image\" content=\"https:\/\/popsacademy.se\/wp-content\/uploads\/sites\/8\/2023\/04\/pops-academy-musik-kreativitet-akademisk-kvalitet-orebro-202204-21-1200x630.jpg\" \/>\n<meta name=\"twitter:label1\" content=\"Ber\u00e4knad l\u00e4stid\" \/>\n\t<meta name=\"twitter:data1\" content=\"1 minut\" \/>\n<script type=\"application\/ld+json\" class=\"yoast-schema-graph\">{\"@context\":\"https:\/\/schema.org\",\"@graph\":[{\"@type\":\"WebPage\",\"@id\":\"https:\/\/popsacademy.se\/karljohan\/om\/lasarstider\/\",\"url\":\"https:\/\/popsacademy.se\/karljohan\/om\/lasarstider\/\",\"name\":\"L\u00e4s\u00e5rstider | Pops Academy Karl Johan \u00d6rebro\",\"isPartOf\":{\"@id\":\"https:\/\/popsacademy.se\/karljohan\/#website\"},\"datePublished\":\"2020-09-23T09:19:21+00:00\",\"dateModified\":\"2026-04-28T09:16:17+00:00\",\"description\":\"Terminstider, lovdagar och skolavslutningar f\u00f6r Pops Academy Karl Johan \u00d6rebro. Se viktiga datum f\u00f6r b\u00e5de elever och v\u00e5rdnadshavare.\",\"breadcrumb\":{\"@id\":\"https:\/\/popsacademy.se\/karljohan\/om\/lasarstider\/#breadcrumb\"},\"inLanguage\":\"sv-SE\",\"potentialAction\":[{\"@type\":\"ReadAction\",\"target\":[\"https:\/\/popsacademy.se\/karljohan\/om\/lasarstider\/\"]}]},{\"@type\":\"BreadcrumbList\",\"@id\":\"https:\/\/popsacademy.se\/karljohan\/om\/lasarstider\/#breadcrumb\",\"itemListElement\":[{\"@type\":\"ListItem\",\"position\":1,\"name\":\"Start\",\"item\":\"https:\/\/popsacademy.se\/karljohan\/\"},{\"@type\":\"ListItem\",\"position\":2,\"name\":\"Om skolan\",\"item\":\"https:\/\/popsacademy.se\/karljohan\/om\/\"},{\"@type\":\"ListItem\",\"position\":3,\"name\":\"L\u00e4s\u00e5rstider\"}]},{\"@type\":\"WebSite\",\"@id\":\"https:\/\/popsacademy.se\/karljohan\/#website\",\"url\":\"https:\/\/popsacademy.se\/karljohan\/\",\"name\":\"Karl Johan \u00d6rebro\",\"description\":\"Kreativ verksamhet med akademisk kvalitet\",\"potentialAction\":[{\"@type\":\"SearchAction\",\"target\":{\"@type\":\"EntryPoint\",\"urlTemplate\":\"https:\/\/popsacademy.se\/karljohan\/?s={search_term_string}\"},\"query-input\":\"required name=search_term_string\"}],\"inLanguage\":\"sv-SE\"}]}<\/script>\n<!-- \/ Yoast SEO plugin. -->","yoast_head_json":{"title":"L\u00e4s\u00e5rstider | Pops Academy Karl Johan \u00d6rebro","description":"Terminstider, lovdagar och skolavslutningar f\u00f6r Pops Academy Karl Johan \u00d6rebro. Se viktiga datum f\u00f6r b\u00e5de elever och v\u00e5rdnadshavare.","robots":{"index":"index","follow":"follow","max-snippet":"max-snippet:-1","max-image-preview":"max-image-preview:large","max-video-preview":"max-video-preview:-1"},"canonical":"https:\/\/popsacademy.se\/karljohan\/om\/lasarstider\/","og_locale":"sv_SE","og_type":"article","og_title":"L\u00e4s\u00e5rstider | Pops Academy Karl Johan \u00d6rebro","og_description":"Terminstider, lovdagar och skolavslutningar f\u00f6r Pops Academy Karl Johan \u00d6rebro. Se viktiga datum f\u00f6r b\u00e5de elever och v\u00e5rdnadshavare.","og_url":"https:\/\/popsacademy.se\/karljohan\/om\/lasarstider\/","og_site_name":"Karl Johan \u00d6rebro","article_modified_time":"2026-04-28T09:16:17+00:00","twitter_card":"summary_large_image","twitter_title":"L\u00e4s\u00e5rstider | Pops Academy Karl Johan \u00d6rebro","twitter_description":"Terminstider, lovdagar och skolavslutningar f\u00f6r Pops Academy Karl Johan \u00d6rebro. Se viktiga datum f\u00f6r b\u00e5de elever och v\u00e5rdnadshavare.","twitter_image":"https:\/\/popsacademy.se\/wp-content\/uploads\/sites\/8\/2023\/04\/pops-academy-musik-kreativitet-akademisk-kvalitet-orebro-202204-21-1200x630.jpg","twitter_misc":{"Ber\u00e4knad l\u00e4stid":"1 minut"},"schema":{"@context":"https:\/\/schema.org","@graph":[{"@type":"WebPage","@id":"https:\/\/popsacademy.se\/karljohan\/om\/lasarstider\/","url":"https:\/\/popsacademy.se\/karljohan\/om\/lasarstider\/","name":"L\u00e4s\u00e5rstider | Pops Academy Karl Johan \u00d6rebro","isPartOf":{"@id":"https:\/\/popsacademy.se\/karljohan\/#website"},"datePublished":"2020-09-23T09:19:21+00:00","dateModified":"2026-04-28T09:16:17+00:00","description":"Terminstider, lovdagar och skolavslutningar f\u00f6r Pops Academy Karl Johan \u00d6rebro. Se viktiga datum f\u00f6r b\u00e5de elever och v\u00e5rdnadshavare.","breadcrumb":{"@id":"https:\/\/popsacademy.se\/karljohan\/om\/lasarstider\/#breadcrumb"},"inLanguage":"sv-SE","potentialAction":[{"@type":"ReadAction","target":["https:\/\/popsacademy.se\/karljohan\/om\/lasarstider\/"]}]},{"@type":"BreadcrumbList","@id":"https:\/\/popsacademy.se\/karljohan\/om\/lasarstider\/#breadcrumb","itemListElement":[{"@type":"ListItem","position":1,"name":"Start","item":"https:\/\/popsacademy.se\/karljohan\/"},{"@type":"ListItem","position":2,"name":"Om skolan","item":"https:\/\/popsacademy.se\/karljohan\/om\/"},{"@type":"ListItem","position":3,"name":"L\u00e4s\u00e5rstider"}]},{"@type":"WebSite","@id":"https:\/\/popsacademy.se\/karljohan\/#website","url":"https:\/\/popsacademy.se\/karljohan\/","name":"Karl Johan \u00d6rebro","description":"Kreativ verksamhet med akademisk kvalitet","potentialAction":[{"@type":"SearchAction","target":{"@type":"EntryPoint","urlTemplate":"https:\/\/popsacademy.se\/karljohan\/?s={search_term_string}"},"query-input":"required name=search_term_string"}],"inLanguage":"sv-SE"}]}},"_links":{"self":[{"href":"https:\/\/popsacademy.se\/karljohan\/wp-json\/wp\/v2\/pages\/18"}],"collection":[{"href":"https:\/\/popsacademy.se\/karljohan\/wp-json\/wp\/v2\/pages"}],"about":[{"href":"https:\/\/popsacademy.se\/karljohan\/wp-json\/wp\/v2\/types\/page"}],"author":[{"embeddable":true,"href":"https:\/\/popsacademy.se\/karljohan\/wp-json\/wp\/v2\/users\/3"}],"replies":[{"embeddable":true,"href":"https:\/\/popsacademy.se\/karljohan\/wp-json\/wp\/v2\/comments?post=18"}],"version-history":[{"count":10,"href":"https:\/\/popsacademy.se\/karljohan\/wp-json\/wp\/v2\/pages\/18\/revisions"}],"predecessor-version":[{"id":1432,"href":"https:\/\/popsacademy.se\/karljohan\/wp-json\/wp\/v2\/pages\/18\/revisions\/1432"}],"up":[{"embeddable":true,"href":"https:\/\/popsacademy.se\/karljohan\/wp-json\/wp\/v2\/pages\/8"}],"wp:attachment":[{"href":"https:\/\/popsacademy.se\/karljohan\/wp-json\/wp\/v2\/media?parent=18"}],"curies":[{"name":"wp","href":"https:\/\/api.w.org\/{rel}","templated":true}]}}