{"id":126,"date":"2020-09-23T13:11:50","date_gmt":"2020-09-23T13:11:50","guid":{"rendered":"https:\/\/popsacademy.se\/orebro\/?page_id=126"},"modified":"2025-10-21T14:13:07","modified_gmt":"2025-10-21T13:13:07","slug":"academedia","status":"publish","type":"page","link":"https:\/\/popsacademy.se\/karljohan\/om\/academedia\/","title":{"rendered":"En del av AcadeMedia"},"content":{"rendered":"\n\t<div class=\"module_wrapper ams_remote_pages_module \">\n\t\t\t\t\t\t\t<div class=\"container core-columns\">\n\t\t\t\t\t\t<div class=\"row\">\n\t\t\t\t\t\t\t<div class=\"col-12\">\n\t\t\t\t\t\t\t\t\n<div class=\"wp-block-columns is-layout-flex wp-container-core-columns-layout-1 wp-block-columns-is-layout-flex\">\n<div class=\"wp-block-column is-layout-flow wp-block-column-is-layout-flow\" style=\"flex-basis:60%\">\n<h1 class=\"wp-block-heading\">En del av AcadeMedia<\/h1>\n\n\n\n<p   class=\"site__ingress container text-left  site__text-color--dark  site__free_text--ingress p-0\">\n\tPops Academy \u00e4r en del av AcadeMedia, Europas st\u00f6rsta utbildningsf\u00f6retag.<\/p>\n\n\n\n\n\n<p>AcadeMedia bedriver verksamheter i hela utbildningskedjan: f\u00f6rskola, grundskola, gymnasium och vuxenutbildning. Under ett \u00e5r g\u00e5r 104 000 f\u00f6rskolebarn och elever samt 100 000 vuxenstuderande i n\u00e5gon av AcadeMedias verksamheter. AcadeMedia har 21 000 medarbetare och \u00f6ver 800 f\u00f6rskolor, skolor, gymnasieskolor och vuxenutbildningsenheter i Sverige, Norge, Finland, Tyskland, Polen, Storbritannien och Nederl\u00e4nderna.&nbsp;<\/p>\n\n\n\n<h2 class=\"wp-block-heading\">Elevf\u00f6rs\u00e4kring<\/h2>\n\n\n\n<p>Elever p\u00e5 Pops Academy \u00e4r v\u00e4l f\u00f6rs\u00e4krade om olyckan skulle vara framme. AcadeMedias elevolycksfallsf\u00f6rs\u00e4kring g\u00e4ller fr\u00e5n terminens start, dygnet runt och \u00e5ret om, fram till den 1 september det \u00e5r eleven g\u00e5r ut grundskolan. P\u00e5 <a rel=\"noreferrer noopener\" href=\"https:\/\/medarbetare.academedia.se\/grundskola\/forsakringar\/\" target=\"_blank\">AcadeMedias hemsida<\/a> kan du l\u00e4sa mer om hur f\u00f6rs\u00e4kringen fungerar.&nbsp;<\/p>\n<\/div>\n\n\n\n<div class=\"wp-block-column is-layout-flow wp-block-column-is-layout-flow\"><style>\n@media only screen and (min-width: 600px) {\n\t}\n@media only screen and (max-width: 600px) {\n\t}\n<\/style>\n<div   class=\"ams-fragor  site__secondary-bg--25   ams-fragor-diqrfzevusyduwevooft\" >\n\t<p class=\"site__subheading-1  site__text-color  u-mb-2xs\">\n\t\tGrundskolor och integrerade f\u00f6rskolor inom AcadeMedia\t<\/p>\n   \t\t <div   class=\" site__text-color--dark  ams-fragor__namn\">\n\t\t\t\t\t\t<span class=\" ams-fragor__strong\">\n\t\t\t\t\t\t\t<\/span>\n\t\t<\/div>\n\t\t<div   class=\" site__text-color--dark  ams-fragor__utbildning\">\n\t\t\t\t\t\t<span class=\" ams-fragor__strong\">\n\t\t\t\t\t\t\t<\/span>\n\t\t<\/div>\n\t\t\t\t\t<ul>\n\t\t\t\t\t\t\t<li   class=\" site__text-color--dark  \" >\n\t\t\t\t\tF\u00e5r gymnasiebeh\u00f6righet:\t\t\t\t\t\t\t\t\t\t\t<span class=\"ams-fragor__strong\">\n\t\t\t\t\t\t\t90%\t\t\t\t\t\t<\/span>\n\t\t\t\t\t\t\t\t\t<\/li>\n\t\t\t\t\t\t\t<li   class=\" site__text-color--dark  \" >\n\t\t\t\t\tBarn och elever:\t\t\t\t\t\t\t\t\t\t\t<span class=\"ams-fragor__strong\">\n\t\t\t\t\t\t\t30 400\t\t\t\t\t\t<\/span>\n\t\t\t\t\t\t\t\t\t<\/li>\n\t\t\t\t\t\t\t<li   class=\" site__text-color--dark  \" >\n\t\t\t\t\tSkolenheter:\t\t\t\t\t\t\t\t\t\t\t<span class=\"ams-fragor__strong\">\n\t\t\t\t\t\t\t84\t\t\t\t\t\t<\/span>\n\t\t\t\t\t\t\t\t\t<\/li>\n\t\t\t\t\t\t\t<li   class=\" site__text-color--dark  \" >\n\t\t\t\t\tIntegrerade f\u00f6rskolor:\t\t\t\t\t\t\t\t\t\t\t<span class=\"ams-fragor__strong\">\n\t\t\t\t\t\t\t42\t\t\t\t\t\t<\/span>\n\t\t\t\t\t\t\t\t\t<\/li>\n\t\t\t\t\t\t\t<li   class=\" site__text-color--dark  \" >\n\t\t\t\t\tMedarbetare:\t\t\t\t\t\t\t\t\t\t\t<span class=\"ams-fragor__strong\">\n\t\t\t\t\t\t\t3 800\t\t\t\t\t\t<\/span>\n\t\t\t\t\t\t\t\t\t<\/li>\n\t\t\t\t\t<\/ul>\n\t\t\t<\/div>\n<script>\n\tamsFragor = function() {\n\t\tvar w = window.innerWidth;\n\t\tvar siteMain = document.getElementsByClassName(\"site-main\")[0]\n\t\tif(typeof siteMain !== 'undefined'){\n\t\t\tvar testimonial = siteMain.getElementsByClassName(\"testimonial_header_module\")[0]\n\t\t\tif(typeof testimonial !== 'undefined'){\n\t\t\t\tvar amsFragor = document.getElementsByClassName(\"ams-fragor\")\n\t\t\t\tfor(var i = 0; i < amsFragor.length; i++){\n\t\t\t\t\tif(w > 769 ){\n\t\t\t\t\t\tamsFragor[i].setAttribute('style', \"margin-top: 50px\");\n\t\t\t\t\t}else{\n\t\t\t\t\t\tamsFragor[i].setAttribute('style', \"margin-top: 0px\");\n\t\t\t\t\t}\n\t\t\t\t}\n\t\t\t}\n\t\t}\n\t};\n\tamsFragor();\n\twindow.addEventListener(\"resize\", amsFragor);\n<\/script>\n<\/div>\n<\/div>\n\t\t\t\t\t\t\t<\/div>\n\t\t\t\t\t\t<\/div>\n\t\t\t\t\t<\/div>\n\t\t\t\t\t\t<div\n\t\t class=\"container images-module\" >\n\t\t<div class=\"row\">\n\t\t\t<div\n\t\t\t\t\tclass=\"col-12 p-0 position-relative images_module__slideshow images_module__slideshow-container \">\n\t\t\t\t<div class=\"images_module__slide\" data-slide=\"\"\n\t\t\t\t\t data-duration=\"\"><\/div>\n\t\t\t\t\t\t\t\t\t<div\n\t\t\t\t\t\t class=\"images_module__slides \">\n\n\n\t\t\t\t\t\t<div class=\"images__wrapper\" style=\"aspect-ratio: 1200 \/ 531;\">\n\t\t\t\t\t\t\t<img decoding=\"async\" width=\"2048\" height=\"1365\" src=\"https:\/\/popsacademy.se\/wp-content\/uploads\/2022\/11\/samarbeta.jpg\" class=\"images__image_ratio animate__animated animate__fadeIn \" alt=\"Elev p\u00e5 Pops Academy spelar piano och en k\u00f6r sjunger i bakgrunden.\" style=\"aspect-ratio: 1200 \/ 531;object-position: center center;\" srcset=\"https:\/\/popsacademy.se\/wp-content\/uploads\/2022\/11\/samarbeta.jpg 2048w, https:\/\/popsacademy.se\/wp-content\/uploads\/2022\/11\/samarbeta-300x200.jpg 300w, https:\/\/popsacademy.se\/wp-content\/uploads\/2022\/11\/samarbeta-400x267.jpg 400w, https:\/\/popsacademy.se\/wp-content\/uploads\/2022\/11\/samarbeta-600x400.jpg 600w, https:\/\/popsacademy.se\/wp-content\/uploads\/2022\/11\/samarbeta-800x533.jpg 800w, https:\/\/popsacademy.se\/wp-content\/uploads\/2022\/11\/samarbeta-1024x683.jpg 1024w, https:\/\/popsacademy.se\/wp-content\/uploads\/2022\/11\/samarbeta-1200x800.jpg 1200w\" sizes=\"(max-width: 2048px) 100vw, 2048px\" \/>\t\t\t\t\t\t<\/div>\n\n\t\t\t\t\t\t\n\n\t\t\t\t\t\t\t\t\t\t\t<\/div>\n\t\t\t\t\n\t\t\t\t<div class=\"images_module__container_dot\">\n\t\t\t\t\t<div style=\"text-align:center\">\n\t\t\t\t\t\t\t\t\t\t\t\t\t<span   data-i=\"0\"\n\t\t\t\t\t\t\t\t  class=\"\n\t\t\t\t\t\t\timages_module__dot\n\t\t\t\t\t\t\t\t\t\t\t\t\t\t\"\n\t\t\t\t\t\t\t><\/span>\n\t\t\t\t\t\t\t\t\t\t\t<\/div>\n\t\t\t\t<\/div>\n\n\t\t\t<\/div>\n\t\t<\/div>\n\t<\/div>\n\t\n\n\n<script>\n\tvar images_display_descriptive_text = \"\";\n<\/script>\n\t\t\t\t\t<div class=\"container core-paragraph\">\n\t\t\t\t\t\t<div class=\"row\">\n\t\t\t\t\t\t\t<div class=\"col-12\">\n\t\t\t\t\t\t\t\t\n<p><br><\/p>\n\t\t\t\t\t\t\t<\/div>\n\t\t\t\t\t\t<\/div>\n\t\t\t\t\t<\/div>\n\t\t\t\t\t\t<\/div>\n\n\t\n\n<div   id=\"page-relative-menu\" class=\"site__font-monospace   container_width--full_width_conIcon   d-lg-none  \">\n\n\t\t\t\n<\/div>\n","protected":false},"excerpt":{"rendered":"","protected":false},"author":3,"featured_media":0,"parent":8,"menu_order":0,"comment_status":"closed","ping_status":"closed","template":"","meta":{"footnotes":""},"yoast_head":"<!-- This site is optimized with the Yoast SEO plugin v22.0 - https:\/\/yoast.com\/wordpress\/plugins\/seo\/ -->\n<title>En del av AcadeMedia | Karl Johan \u00d6rebro<\/title>\n<meta name=\"description\" content=\"Pops Academy \u00e4r en del av AcadeMedia, Europas st\u00f6rsta utbildningsf\u00f6retag och bedriver verksamheter i hela utbildningskedjan.\" \/>\n<meta name=\"robots\" content=\"index, follow, max-snippet:-1, max-image-preview:large, max-video-preview:-1\" \/>\n<link rel=\"canonical\" href=\"https:\/\/popsacademy.se\/karljohan\/om\/academedia\/\" \/>\n<meta property=\"og:locale\" content=\"sv_SE\" \/>\n<meta property=\"og:type\" content=\"article\" \/>\n<meta property=\"og:title\" content=\"En del av AcadeMedia | Karl Johan \u00d6rebro\" \/>\n<meta property=\"og:description\" content=\"Pops Academy \u00e4r en del av AcadeMedia, Europas st\u00f6rsta utbildningsf\u00f6retag och bedriver verksamheter i hela utbildningskedjan.\" \/>\n<meta property=\"og:url\" content=\"https:\/\/popsacademy.se\/karljohan\/om\/academedia\/\" \/>\n<meta property=\"og:site_name\" content=\"Karl Johan \u00d6rebro\" \/>\n<meta property=\"article:modified_time\" content=\"2025-10-21T13:13:07+00:00\" \/>\n<meta name=\"twitter:card\" content=\"summary_large_image\" \/>\n<meta name=\"twitter:title\" content=\"En del av AcadeMedia | Karl Johan \u00d6rebro\" \/>\n<meta name=\"twitter:description\" content=\"Pops Academy \u00e4r en del av AcadeMedia, Europas st\u00f6rsta utbildningsf\u00f6retag och bedriver verksamheter i hela utbildningskedjan.\" \/>\n<script type=\"application\/ld+json\" class=\"yoast-schema-graph\">{\"@context\":\"https:\/\/schema.org\",\"@graph\":[{\"@type\":\"WebPage\",\"@id\":\"https:\/\/popsacademy.se\/karljohan\/om\/academedia\/\",\"url\":\"https:\/\/popsacademy.se\/karljohan\/om\/academedia\/\",\"name\":\"En del av AcadeMedia | Karl Johan \u00d6rebro\",\"isPartOf\":{\"@id\":\"https:\/\/popsacademy.se\/karljohan\/#website\"},\"datePublished\":\"2020-09-23T13:11:50+00:00\",\"dateModified\":\"2025-10-21T13:13:07+00:00\",\"description\":\"Pops Academy \u00e4r en del av AcadeMedia, Europas st\u00f6rsta utbildningsf\u00f6retag och bedriver verksamheter i hela utbildningskedjan.\",\"breadcrumb\":{\"@id\":\"https:\/\/popsacademy.se\/karljohan\/om\/academedia\/#breadcrumb\"},\"inLanguage\":\"sv-SE\",\"potentialAction\":[{\"@type\":\"ReadAction\",\"target\":[\"https:\/\/popsacademy.se\/karljohan\/om\/academedia\/\"]}]},{\"@type\":\"BreadcrumbList\",\"@id\":\"https:\/\/popsacademy.se\/karljohan\/om\/academedia\/#breadcrumb\",\"itemListElement\":[{\"@type\":\"ListItem\",\"position\":1,\"name\":\"Start\",\"item\":\"https:\/\/popsacademy.se\/karljohan\/\"},{\"@type\":\"ListItem\",\"position\":2,\"name\":\"Om skolan\",\"item\":\"https:\/\/popsacademy.se\/karljohan\/om\/\"},{\"@type\":\"ListItem\",\"position\":3,\"name\":\"En del av AcadeMedia\"}]},{\"@type\":\"WebSite\",\"@id\":\"https:\/\/popsacademy.se\/karljohan\/#website\",\"url\":\"https:\/\/popsacademy.se\/karljohan\/\",\"name\":\"Karl Johan \u00d6rebro\",\"description\":\"Kreativ verksamhet med akademisk kvalitet\",\"potentialAction\":[{\"@type\":\"SearchAction\",\"target\":{\"@type\":\"EntryPoint\",\"urlTemplate\":\"https:\/\/popsacademy.se\/karljohan\/?s={search_term_string}\"},\"query-input\":\"required name=search_term_string\"}],\"inLanguage\":\"sv-SE\"}]}<\/script>\n<!-- \/ Yoast SEO plugin. -->","yoast_head_json":{"title":"En del av AcadeMedia | Karl Johan \u00d6rebro","description":"Pops Academy \u00e4r en del av AcadeMedia, Europas st\u00f6rsta utbildningsf\u00f6retag och bedriver verksamheter i hela utbildningskedjan.","robots":{"index":"index","follow":"follow","max-snippet":"max-snippet:-1","max-image-preview":"max-image-preview:large","max-video-preview":"max-video-preview:-1"},"canonical":"https:\/\/popsacademy.se\/karljohan\/om\/academedia\/","og_locale":"sv_SE","og_type":"article","og_title":"En del av AcadeMedia | Karl Johan \u00d6rebro","og_description":"Pops Academy \u00e4r en del av AcadeMedia, Europas st\u00f6rsta utbildningsf\u00f6retag och bedriver verksamheter i hela utbildningskedjan.","og_url":"https:\/\/popsacademy.se\/karljohan\/om\/academedia\/","og_site_name":"Karl Johan \u00d6rebro","article_modified_time":"2025-10-21T13:13:07+00:00","twitter_card":"summary_large_image","twitter_title":"En del av AcadeMedia | Karl Johan \u00d6rebro","twitter_description":"Pops Academy \u00e4r en del av AcadeMedia, Europas st\u00f6rsta utbildningsf\u00f6retag och bedriver verksamheter i hela utbildningskedjan.","schema":{"@context":"https:\/\/schema.org","@graph":[{"@type":"WebPage","@id":"https:\/\/popsacademy.se\/karljohan\/om\/academedia\/","url":"https:\/\/popsacademy.se\/karljohan\/om\/academedia\/","name":"En del av AcadeMedia | Karl Johan \u00d6rebro","isPartOf":{"@id":"https:\/\/popsacademy.se\/karljohan\/#website"},"datePublished":"2020-09-23T13:11:50+00:00","dateModified":"2025-10-21T13:13:07+00:00","description":"Pops Academy \u00e4r en del av AcadeMedia, Europas st\u00f6rsta utbildningsf\u00f6retag och bedriver verksamheter i hela utbildningskedjan.","breadcrumb":{"@id":"https:\/\/popsacademy.se\/karljohan\/om\/academedia\/#breadcrumb"},"inLanguage":"sv-SE","potentialAction":[{"@type":"ReadAction","target":["https:\/\/popsacademy.se\/karljohan\/om\/academedia\/"]}]},{"@type":"BreadcrumbList","@id":"https:\/\/popsacademy.se\/karljohan\/om\/academedia\/#breadcrumb","itemListElement":[{"@type":"ListItem","position":1,"name":"Start","item":"https:\/\/popsacademy.se\/karljohan\/"},{"@type":"ListItem","position":2,"name":"Om skolan","item":"https:\/\/popsacademy.se\/karljohan\/om\/"},{"@type":"ListItem","position":3,"name":"En del av AcadeMedia"}]},{"@type":"WebSite","@id":"https:\/\/popsacademy.se\/karljohan\/#website","url":"https:\/\/popsacademy.se\/karljohan\/","name":"Karl Johan \u00d6rebro","description":"Kreativ verksamhet med akademisk kvalitet","potentialAction":[{"@type":"SearchAction","target":{"@type":"EntryPoint","urlTemplate":"https:\/\/popsacademy.se\/karljohan\/?s={search_term_string}"},"query-input":"required name=search_term_string"}],"inLanguage":"sv-SE"}]}},"_links":{"self":[{"href":"https:\/\/popsacademy.se\/karljohan\/wp-json\/wp\/v2\/pages\/126"}],"collection":[{"href":"https:\/\/popsacademy.se\/karljohan\/wp-json\/wp\/v2\/pages"}],"about":[{"href":"https:\/\/popsacademy.se\/karljohan\/wp-json\/wp\/v2\/types\/page"}],"author":[{"embeddable":true,"href":"https:\/\/popsacademy.se\/karljohan\/wp-json\/wp\/v2\/users\/3"}],"replies":[{"embeddable":true,"href":"https:\/\/popsacademy.se\/karljohan\/wp-json\/wp\/v2\/comments?post=126"}],"version-history":[{"count":10,"href":"https:\/\/popsacademy.se\/karljohan\/wp-json\/wp\/v2\/pages\/126\/revisions"}],"predecessor-version":[{"id":1099,"href":"https:\/\/popsacademy.se\/karljohan\/wp-json\/wp\/v2\/pages\/126\/revisions\/1099"}],"up":[{"embeddable":true,"href":"https:\/\/popsacademy.se\/karljohan\/wp-json\/wp\/v2\/pages\/8"}],"wp:attachment":[{"href":"https:\/\/popsacademy.se\/karljohan\/wp-json\/wp\/v2\/media?parent=126"}],"curies":[{"name":"wp","href":"https:\/\/api.w.org\/{rel}","templated":true}]}}