{"id":12,"date":"2020-09-23T09:01:59","date_gmt":"2020-09-23T09:01:59","guid":{"rendered":"https:\/\/popsacademy.se\/orebro\/?page_id=12"},"modified":"2026-01-08T15:51:51","modified_gmt":"2026-01-08T14:51:51","slug":"grundskola","status":"publish","type":"page","link":"https:\/\/popsacademy.se\/karljohan\/om\/grundskola\/","title":{"rendered":"Grundskola"},"content":{"rendered":"\n<div class=\"wp-block-columns is-layout-flex wp-container-core-columns-layout-1 wp-block-columns-is-layout-flex\">\n<div class=\"wp-block-column is-layout-flow wp-block-column-is-layout-flow\" style=\"flex-basis:66.66%\">\n<h1 class=\"wp-block-heading\">Kreativitet och musik p\u00e5 Pops Academy Karl Johan<\/h1>\n\n\n\n<p   class=\"site__ingress container text-left  site__text-color--dark  site__free_text--ingress p-0\">\n\tHos oss \u00e4r kreativiteten en naturlig del av undervisningen fr\u00e5n \u00e5rskurs 4\u20139. Musiken genomsyrar allt \u2013 h\u00e4r f\u00e5r eleverna b\u00e5de lyssna in och sjunga ut.<\/p>\n\n\n\n\n\n<h2 class=\"wp-block-heading\">D\u00e4r handen, kroppen och hj\u00e4rnan \u00e4r lika viktiga<\/h2>\n\n\n\n<p>Vi anv\u00e4nder kreativitet som ett pedagogiskt verktyg i alla skol\u00e4mnen. S\u00e5 n\u00e4r vi s\u00e4ger att musiken genomsyrar allt syftar vi inte enbart p\u00e5 musiklektionerna.&nbsp;<\/p>\n\n\n\n<p>Med musiken som kraft ger vi v\u00e5ra elever en inneh\u00e5llsrik skolg\u00e5ng d\u00e4r eleverna l\u00e4r f\u00f6r livet genom att anv\u00e4nda h\u00e4nderna, r\u00f6sten och kroppen lika mycket som hj\u00e4rnan. P\u00e5 alla lektioner, oavsett \u00e4mne.<\/p>\n<\/div>\n\n\n\n<div class=\"wp-block-column is-layout-flow wp-block-column-is-layout-flow\" style=\"flex-basis:33.33%\"><\/div>\n<\/div>\n\n\n\n\t\n\t\n\t\n\n\t\n\t\n\t\t\n<section  class=\"c-block l-stacked  \" data-color-scheme=\"nyans2_av_cta-hover-standard\">\n\t<div class=\"ams-fifty ams-fifty--container ams-fifty--left ams-fifty--bottom l-container u-pt-fluid-2xl-4xl u-pb-fluid-2xl-4xl\">\n\t\t<div class=\"ams-fifty__content l-stack l-stack-xl is-left is-left@lg\">\n\t\t\t<div class=\"ams-fifty__text l-stack l-stack-lg\">\n\t\t\t\t\t\n\t<h2\n\tclass=\"c-heading u-font-title-1 \"\n\tstyle=\"\">\n\t\t\n\t\t\t\t\tF\u00f6rest\u00e4llning av v\u00e5ra elever\n\t\t\t\t\n\t<\/h2>\n\n\t\t\t\t\t\t\t\t\t<div class=\"text l-stack u-font-body\">\n\t\t\t\t\t\t<p>Se eleverna p\u00e5 Pops Academy Karl Johan i \u00d6rebro upptr\u00e4da.<\/p>\n\n\t\t\t\t\t<\/div>\n\t\t\t\t\t\t\t<\/div>\n\n\t\t\t\t\t<\/div>\n\n\t\t <div class=\"ams-fifty__media u-ratio-widescreen\">\n\t\t \t\n\t\t\t\n\t\t\t\t\t\t\t<lite-youtube videoid=\"_-SWHfqjvH4\" style=\"background-image: url('https:\/\/i.ytimg.com\/vi\/_-SWHfqjvH4\/hqdefault.jpg');\">\n\t\t\t\t\t\t<button href=\"https:\/\/youtube.com\/watch?v=_-SWHfqjvH4\" class=\"lty-playbtn\" title=\"Play Video\">\n\t\t\t\t\t\t\t<span class=\"lyt-visually-hidden\">Play Video<\/span>\n\t\t\t\t\t\t<\/button>\n\t\t\t\t\t<\/lite-youtube>\n\t\t\t\t\t<\/div>\n\t<\/div>\n\n\t\t\n\n<\/section>\n\n\n\n<div class=\"wp-block-columns is-layout-flex wp-container-core-columns-layout-2 wp-block-columns-is-layout-flex\">\n<div class=\"wp-block-column is-layout-flow wp-block-column-is-layout-flow\">\n<h2 class=\"wp-block-heading\">Hos oss \u00e4r trygghet grunden f\u00f6r allt l\u00e4rande<\/h2>\n\n\n\n<p>Alla elever p\u00e5 Pops Academy Karl Johan ska k\u00e4nna sig trygga och k\u00e4nna gl\u00e4dje i att komma till skolan varje dag. H\u00e4r ska alla m\u00f6tas av engagerade l\u00e4rare och en tillg\u00e4nglig <a href=\"https:\/\/popsacademy.se\/karljohan\/om\/elevhalsa\/\">elevh\u00e4lsa<\/a>&nbsp;som bryr sig om och v\u00e4rnar om varje elev och dess utveckling. Vi fokuserar p\u00e5 ett tryggt och lugnt studieklimat d\u00e4r alla elever ges m\u00f6jlighet att utveckla god social f\u00f6rm\u00e5ga, moralisk kompass och att n\u00e5 sin fulla potential.&nbsp;<\/p>\n\n\n\n<p>Tillsammans ska vi forts\u00e4tta att arbeta f\u00f6r att Pops Academy Karl Johan ska vara en plats d\u00e4r elever \u00e4r trygga, och har de allra b\u00e4sta f\u00f6ruts\u00e4ttningarna f\u00f6r ett l\u00e4rande i nuet men ocks\u00e5 med sikte p\u00e5 ett l\u00e4rande som utvecklar framtidskompetenser.&nbsp;N\u00e4r v\u00e5ra elever slutligen l\u00e4mnar oss p\u00e5 Pops Academy Karl Johan g\u00f6r de det med ett kreativt akademiskt sj\u00e4lvf\u00f6rtroende och b\u00e4sta t\u00e4nkbara f\u00f6ruts\u00e4ttningar f\u00f6r vidare studier.&nbsp;<\/p>\n<\/div>\n\n\n\n<div class=\"wp-block-column is-layout-flow wp-block-column-is-layout-flow\">\t<div\n\t\t class=\"container-fluid images-module\" >\n\t\t<div class=\"row my-2\">\n\t\t\t<div class=\"col-md-12 images_module__img_r images_module__content_spacing_img_r_m  images-module__color-plate-right-bg_site__secondary-bg--100 \">\n\t\t\t\t<div class=\"position-relative text-right\">\n\t\t\t\t\t<div class=\"images__wrapper\" style=\"float:right; max-width: 440px; max-height: 494px;\">\n\t\t\t\t\t\t<img decoding=\"async\" width=\"1080\" height=\"1080\" src=\"https:\/\/popsacademy.se\/wp-content\/uploads\/sites\/8\/2023\/04\/pops-academy-musik-kreativitet-akademisk-kvalitet-orebro-202204-3.jpg\" class=\"d-block images__image_ratio  \" alt=\"Elev p\u00e5 Pops Academy sitter vid en skolb\u00e4nk i klassrummet.\" style=\"aspect-ratio: 440 \/ 494;object-position: center center;\" srcset=\"https:\/\/popsacademy.se\/wp-content\/uploads\/sites\/8\/2023\/04\/pops-academy-musik-kreativitet-akademisk-kvalitet-orebro-202204-3.jpg 1080w, https:\/\/popsacademy.se\/wp-content\/uploads\/sites\/8\/2023\/04\/pops-academy-musik-kreativitet-akademisk-kvalitet-orebro-202204-3-150x150.jpg 150w, https:\/\/popsacademy.se\/wp-content\/uploads\/sites\/8\/2023\/04\/pops-academy-musik-kreativitet-akademisk-kvalitet-orebro-202204-3-300x300.jpg 300w, https:\/\/popsacademy.se\/wp-content\/uploads\/sites\/8\/2023\/04\/pops-academy-musik-kreativitet-akademisk-kvalitet-orebro-202204-3-400x400.jpg 400w, https:\/\/popsacademy.se\/wp-content\/uploads\/sites\/8\/2023\/04\/pops-academy-musik-kreativitet-akademisk-kvalitet-orebro-202204-3-600x600.jpg 600w, https:\/\/popsacademy.se\/wp-content\/uploads\/sites\/8\/2023\/04\/pops-academy-musik-kreativitet-akademisk-kvalitet-orebro-202204-3-800x800.jpg 800w, https:\/\/popsacademy.se\/wp-content\/uploads\/sites\/8\/2023\/04\/pops-academy-musik-kreativitet-akademisk-kvalitet-orebro-202204-3-1024x1024.jpg 1024w\" sizes=\"(max-width: 1080px) 100vw, 1080px\" \/>\t\t\t\t\t<\/div>\n\t\t\t\t\t<div style=\"clear:both;\">\n\t\t\t\t\t\t\n\t\t\t\t\t\t\t\t\t\t\t<\/div>\n\t\t\t\t<\/div>\n\t\t\t<\/div>\n\t\t<\/div>\n\t<\/div>\n\t\n\n\n<script>\n\tvar images_display_descriptive_text = \"\";\n<\/script>\n<\/div>\n<\/div>\n\n\n\n\n<section  class=\"ams-cta ams-cta--stacked c-block l-stacked\" data-color-scheme=\"kontakt-blue\">\n\t<div class=\"l-container l-stack l-stack-fluid-2xl u-pt-fluid-2xl-4xl u-pb-fluid-2xl-4xl is-center is-center@md\">\n\t\t\t\t\t<div class=\"ams-cta__intro l-stack l-stack-lg\">\n\t\t\t\t\t\n\t<h2\n\tclass=\"c-heading u-font-title-1 \"\n\tstyle=\"\">\n\t\t\n\t\t\t\t\tS\u00f6ka skola\n\t\t\t\t\n\t<\/h2>\n\n\t\t\t\t\t\t\t\t\t<div class=\"c-text l-stack u-cs-xl u-font-body\">\n\t\t\t\t\t\t<p>G\u00f6r en k\u00f6anm\u00e4lan till Pops Academy Karl Johan, \u00d6rebro<\/p>\n\n\t\t\t\t\t<\/div>\n\t\t\t\t\t\t\t<\/div>\n\t\t\n\t\t\n\t\t\t<div class=\"ams-cta__action u-inline-items\">\n\t\t\t\t\t\t\t\n\n\n<a href=\"https:\/\/popsacademy.se\/karljohan\/ansokan\/\"\n\t\n\tclass=\"c-btn \"\n\tdata-style=\"round\"\n\tdata-size=\"md\"\n\tdata-width=\"full-mobile\"\n\tdata-variant=\"default\"\n\ttarget=\"_self\">\n\t\t\t<span class=\"label\"> Till k\u00f6anm\u00e4lan<\/span>\n\t\t\t<\/a>\n\t\t\t<\/div>\n\t<\/div>\n\n\t\t\n\n<\/section>\n\n\n<div   id=\"page-relative-menu\" class=\"site__font-monospace   container_width--full_width_conIcon   d-lg-none  \">\n\n\t\t\t\n<\/div>\n","protected":false},"excerpt":{"rendered":"<p>Kreativitet och musik p\u00e5 Pops Academy Karl Johan D\u00e4r handen, kroppen och hj\u00e4rnan \u00e4r lika viktiga Vi anv\u00e4nder kreativitet som ett pedagogiskt verktyg i alla skol\u00e4mnen. S\u00e5 n\u00e4r vi s\u00e4ger att musiken genomsyrar allt syftar vi inte enbart p\u00e5 musiklektionerna.&nbsp; Med musiken som kraft ger vi v\u00e5ra elever en inneh\u00e5llsrik skolg\u00e5ng d\u00e4r eleverna l\u00e4r f\u00f6r&#8230;<\/p>\n","protected":false},"author":3,"featured_media":0,"parent":8,"menu_order":0,"comment_status":"closed","ping_status":"closed","template":"","meta":{"footnotes":""},"yoast_head":"<!-- This site is optimized with the Yoast SEO plugin v22.0 - https:\/\/yoast.com\/wordpress\/plugins\/seo\/ -->\n<title>Grundskola | Karl Johan \u00d6rebro<\/title>\n<meta name=\"description\" content=\"P\u00e5 Pops Academy Karl Johan \u00e4r kreativiteten sj\u00e4lvklar och musiken genomsyrar hela verksamheten men inte enbart p\u00e5 undervisningen i musik\" \/>\n<meta name=\"robots\" content=\"index, follow, max-snippet:-1, max-image-preview:large, max-video-preview:-1\" \/>\n<link rel=\"canonical\" href=\"https:\/\/popsacademy.se\/karljohan\/om\/grundskola\/\" \/>\n<meta property=\"og:locale\" content=\"sv_SE\" \/>\n<meta property=\"og:type\" content=\"article\" \/>\n<meta property=\"og:title\" content=\"Grundskola | Karl Johan \u00d6rebro\" \/>\n<meta property=\"og:description\" content=\"P\u00e5 Pops Academy Karl Johan \u00e4r kreativiteten sj\u00e4lvklar och musiken genomsyrar hela verksamheten men inte enbart p\u00e5 undervisningen i musik\" \/>\n<meta property=\"og:url\" content=\"https:\/\/popsacademy.se\/karljohan\/om\/grundskola\/\" \/>\n<meta property=\"og:site_name\" content=\"Karl Johan \u00d6rebro\" \/>\n<meta property=\"article:modified_time\" content=\"2026-01-08T14:51:51+00:00\" \/>\n<meta name=\"twitter:card\" content=\"summary_large_image\" \/>\n<meta name=\"twitter:title\" content=\"Grundskola | Karl Johan \u00d6rebro\" \/>\n<meta name=\"twitter:description\" content=\"P\u00e5 Pops Academy Karl Johan \u00e4r kreativiteten sj\u00e4lvklar och musiken genomsyrar hela verksamheten men inte enbart p\u00e5 undervisningen i musik\" \/>\n<meta name=\"twitter:label1\" content=\"Ber\u00e4knad l\u00e4stid\" \/>\n\t<meta name=\"twitter:data1\" content=\"1 minut\" \/>\n<script type=\"application\/ld+json\" class=\"yoast-schema-graph\">{\"@context\":\"https:\/\/schema.org\",\"@graph\":[{\"@type\":\"WebPage\",\"@id\":\"https:\/\/popsacademy.se\/karljohan\/om\/grundskola\/\",\"url\":\"https:\/\/popsacademy.se\/karljohan\/om\/grundskola\/\",\"name\":\"Grundskola | Karl Johan \u00d6rebro\",\"isPartOf\":{\"@id\":\"https:\/\/popsacademy.se\/karljohan\/#website\"},\"datePublished\":\"2020-09-23T09:01:59+00:00\",\"dateModified\":\"2026-01-08T14:51:51+00:00\",\"description\":\"P\u00e5 Pops Academy Karl Johan \u00e4r kreativiteten sj\u00e4lvklar och musiken genomsyrar hela verksamheten men inte enbart p\u00e5 undervisningen i musik\",\"breadcrumb\":{\"@id\":\"https:\/\/popsacademy.se\/karljohan\/om\/grundskola\/#breadcrumb\"},\"inLanguage\":\"sv-SE\",\"potentialAction\":[{\"@type\":\"ReadAction\",\"target\":[\"https:\/\/popsacademy.se\/karljohan\/om\/grundskola\/\"]}]},{\"@type\":\"BreadcrumbList\",\"@id\":\"https:\/\/popsacademy.se\/karljohan\/om\/grundskola\/#breadcrumb\",\"itemListElement\":[{\"@type\":\"ListItem\",\"position\":1,\"name\":\"Start\",\"item\":\"https:\/\/popsacademy.se\/karljohan\/\"},{\"@type\":\"ListItem\",\"position\":2,\"name\":\"Om skolan\",\"item\":\"https:\/\/popsacademy.se\/karljohan\/om\/\"},{\"@type\":\"ListItem\",\"position\":3,\"name\":\"Grundskola\"}]},{\"@type\":\"WebSite\",\"@id\":\"https:\/\/popsacademy.se\/karljohan\/#website\",\"url\":\"https:\/\/popsacademy.se\/karljohan\/\",\"name\":\"Karl Johan \u00d6rebro\",\"description\":\"Kreativ verksamhet med akademisk kvalitet\",\"potentialAction\":[{\"@type\":\"SearchAction\",\"target\":{\"@type\":\"EntryPoint\",\"urlTemplate\":\"https:\/\/popsacademy.se\/karljohan\/?s={search_term_string}\"},\"query-input\":\"required name=search_term_string\"}],\"inLanguage\":\"sv-SE\"}]}<\/script>\n<!-- \/ Yoast SEO plugin. -->","yoast_head_json":{"title":"Grundskola | Karl Johan \u00d6rebro","description":"P\u00e5 Pops Academy Karl Johan \u00e4r kreativiteten sj\u00e4lvklar och musiken genomsyrar hela verksamheten men inte enbart p\u00e5 undervisningen i musik","robots":{"index":"index","follow":"follow","max-snippet":"max-snippet:-1","max-image-preview":"max-image-preview:large","max-video-preview":"max-video-preview:-1"},"canonical":"https:\/\/popsacademy.se\/karljohan\/om\/grundskola\/","og_locale":"sv_SE","og_type":"article","og_title":"Grundskola | Karl Johan \u00d6rebro","og_description":"P\u00e5 Pops Academy Karl Johan \u00e4r kreativiteten sj\u00e4lvklar och musiken genomsyrar hela verksamheten men inte enbart p\u00e5 undervisningen i musik","og_url":"https:\/\/popsacademy.se\/karljohan\/om\/grundskola\/","og_site_name":"Karl Johan \u00d6rebro","article_modified_time":"2026-01-08T14:51:51+00:00","twitter_card":"summary_large_image","twitter_title":"Grundskola | Karl Johan \u00d6rebro","twitter_description":"P\u00e5 Pops Academy Karl Johan \u00e4r kreativiteten sj\u00e4lvklar och musiken genomsyrar hela verksamheten men inte enbart p\u00e5 undervisningen i musik","twitter_misc":{"Ber\u00e4knad l\u00e4stid":"1 minut"},"schema":{"@context":"https:\/\/schema.org","@graph":[{"@type":"WebPage","@id":"https:\/\/popsacademy.se\/karljohan\/om\/grundskola\/","url":"https:\/\/popsacademy.se\/karljohan\/om\/grundskola\/","name":"Grundskola | Karl Johan \u00d6rebro","isPartOf":{"@id":"https:\/\/popsacademy.se\/karljohan\/#website"},"datePublished":"2020-09-23T09:01:59+00:00","dateModified":"2026-01-08T14:51:51+00:00","description":"P\u00e5 Pops Academy Karl Johan \u00e4r kreativiteten sj\u00e4lvklar och musiken genomsyrar hela verksamheten men inte enbart p\u00e5 undervisningen i musik","breadcrumb":{"@id":"https:\/\/popsacademy.se\/karljohan\/om\/grundskola\/#breadcrumb"},"inLanguage":"sv-SE","potentialAction":[{"@type":"ReadAction","target":["https:\/\/popsacademy.se\/karljohan\/om\/grundskola\/"]}]},{"@type":"BreadcrumbList","@id":"https:\/\/popsacademy.se\/karljohan\/om\/grundskola\/#breadcrumb","itemListElement":[{"@type":"ListItem","position":1,"name":"Start","item":"https:\/\/popsacademy.se\/karljohan\/"},{"@type":"ListItem","position":2,"name":"Om skolan","item":"https:\/\/popsacademy.se\/karljohan\/om\/"},{"@type":"ListItem","position":3,"name":"Grundskola"}]},{"@type":"WebSite","@id":"https:\/\/popsacademy.se\/karljohan\/#website","url":"https:\/\/popsacademy.se\/karljohan\/","name":"Karl Johan \u00d6rebro","description":"Kreativ verksamhet med akademisk kvalitet","potentialAction":[{"@type":"SearchAction","target":{"@type":"EntryPoint","urlTemplate":"https:\/\/popsacademy.se\/karljohan\/?s={search_term_string}"},"query-input":"required name=search_term_string"}],"inLanguage":"sv-SE"}]}},"_links":{"self":[{"href":"https:\/\/popsacademy.se\/karljohan\/wp-json\/wp\/v2\/pages\/12"}],"collection":[{"href":"https:\/\/popsacademy.se\/karljohan\/wp-json\/wp\/v2\/pages"}],"about":[{"href":"https:\/\/popsacademy.se\/karljohan\/wp-json\/wp\/v2\/types\/page"}],"author":[{"embeddable":true,"href":"https:\/\/popsacademy.se\/karljohan\/wp-json\/wp\/v2\/users\/3"}],"replies":[{"embeddable":true,"href":"https:\/\/popsacademy.se\/karljohan\/wp-json\/wp\/v2\/comments?post=12"}],"version-history":[{"count":10,"href":"https:\/\/popsacademy.se\/karljohan\/wp-json\/wp\/v2\/pages\/12\/revisions"}],"predecessor-version":[{"id":1415,"href":"https:\/\/popsacademy.se\/karljohan\/wp-json\/wp\/v2\/pages\/12\/revisions\/1415"}],"up":[{"embeddable":true,"href":"https:\/\/popsacademy.se\/karljohan\/wp-json\/wp\/v2\/pages\/8"}],"wp:attachment":[{"href":"https:\/\/popsacademy.se\/karljohan\/wp-json\/wp\/v2\/media?parent=12"}],"curies":[{"name":"wp","href":"https:\/\/api.w.org\/{rel}","templated":true}]}}